{"id":2397,"date":"2020-06-30T13:43:26","date_gmt":"2020-06-30T11:43:26","guid":{"rendered":"https:\/\/grupalfamedic.com\/reserva-cita\/"},"modified":"2025-12-01T15:17:49","modified_gmt":"2025-12-01T13:17:49","slug":"reserva-cita","status":"publish","type":"page","link":"https:\/\/grupalfamedic.com\/es\/reserva-cita\/","title":{"rendered":"Reserva cita"},"content":{"rendered":"<p>[et_pb_section fb_built=\u00bb1&#8243; admin_label=\u00bbHero\u00bb _builder_version=\u00bb4.16&#8243; custom_padding=\u00bb0|0px|11px|0px|false|false\u00bb bottom_divider_height=\u00bb0px\u00bb border_width_bottom=\u00bb1px\u00bb border_color_bottom=\u00bb#efefef\u00bb global_colors_info=\u00bb{}\u00bb][et_pb_row column_structure=\u00bb1_2,1_2&#8243; make_equal=\u00bbon\u00bb _builder_version=\u00bb4.16&#8243; use_background_color_gradient=\u00bbon\u00bb background_color_gradient_direction=\u00bb154deg\u00bb background_color_gradient_stops=\u00bb#2d4f97 0%|#29c4a9 100%\u00bb background_color_gradient_start=\u00bb#2d4f97&#8243; width=\u00bb100%\u00bb max_width=\u00bb100%\u00bb custom_margin=\u00bb|||\u00bb custom_margin_tablet=\u00bb||0px|\u00bb custom_margin_phone=\u00bb\u00bb custom_margin_last_edited=\u00bbon|desktop\u00bb custom_padding=\u00bb1px|0px|3px|0px|false|false\u00bb use_custom_width=\u00bbon\u00bb width_unit=\u00bboff\u00bb custom_width_percent=\u00bb100%\u00bb global_colors_info=\u00bb{}\u00bb][et_pb_column type=\u00bb1_2&#8243; _builder_version=\u00bb4.16&#8243; custom_padding=\u00bb6%||6%|12%\u00bb custom_padding_tablet=\u00bb50px|50px|50px|50px\u00bb custom_padding_phone=\u00bb\u00bb custom_padding_last_edited=\u00bbon|tablet\u00bb global_colors_info=\u00bb{}\u00bb padding_tablet=\u00bb50px|50px|50px|50px\u00bb padding_last_edited=\u00bbon|tablet\u00bb custom_padding__hover=\u00bb|||\u00bb padding_phone=\u00bb50px|50px|50px|50px\u00bb][et_pb_text _builder_version=\u00bb4.16&#8243; text_font=\u00bbMontserrat|300|||||||\u00bb text_text_color=\u00bb#677a92&#8243; text_line_height=\u00bb1.8em\u00bb header_font=\u00bbMontserrat||||||||\u00bb header_text_align=\u00bbcenter\u00bb header_text_color=\u00bb#ffffff\u00bb header_font_size=\u00bb50px\u00bb header_line_height=\u00bb1.3em\u00bb header_2_font=\u00bb||||||||\u00bb max_width=\u00bb600px\u00bb custom_margin=\u00bb-10px|||||\u00bb custom_margin_tablet=\u00bb0px|50px||50px\u00bb custom_margin_phone=\u00bb|20px||\u00bb custom_margin_last_edited=\u00bboff|desktop\u00bb custom_padding=\u00bb|||\u00bb text_line_height_tablet=\u00bb1.8em\u00bb text_line_height_phone=\u00bb1.8em\u00bb text_line_height_last_edited=\u00bbon|phone\u00bb header_font_size_tablet=\u00bb\u00bb header_font_size_phone=\u00bb36px\u00bb header_font_size_last_edited=\u00bbon|phone\u00bb header_2_font_size_phone=\u00bb30px\u00bb header_2_font_size_last_edited=\u00bboff|desktop\u00bb locked=\u00bboff\u00bb global_colors_info=\u00bb{}\u00bb]<\/p>\n<h1>Reserva tu cita en uno de nuestros centros.<\/h1>\n<p>[\/et_pb_text][\/et_pb_column][et_pb_column type=\u00bb1_2&#8243; _builder_version=\u00bb4.16&#8243; custom_padding=\u00bb|||\u00bb global_colors_info=\u00bb{}\u00bb custom_padding__hover=\u00bb|||\u00bb][\/et_pb_column][\/et_pb_row][\/et_pb_section][et_pb_section fb_built=\u00bb1&#8243; _builder_version=\u00bb4.16&#8243; custom_margin=\u00bb-13px|||||\u00bb global_colors_info=\u00bb{}\u00bb][et_pb_row column_structure=\u00bb3_5,2_5&#8243; _builder_version=\u00bb4.16&#8243; global_colors_info=\u00bb{}\u00bb][et_pb_column type=\u00bb3_5&#8243; _builder_version=\u00bb4.16&#8243; global_colors_info=\u00bb{}\u00bb][et_pb_text _builder_version=\u00bb4.16&#8243; text_text_color=\u00bb#ffffff\u00bb header_text_color=\u00bb#ffffff\u00bb use_background_color_gradient=\u00bbon\u00bb background_color_gradient_direction=\u00bb43deg\u00bb text_orientation=\u00bbcenter\u00bb custom_padding=\u00bb25px|25px|25px|25px|false|false\u00bb border_radii=\u00bbon|1em|1em|1em|1em\u00bb box_shadow_style=\u00bbpreset2&#8243; box_shadow_color=\u00bb#2D5197&#8243; global_colors_info=\u00bb{}\u00bb]<\/p>\n<h1 style=\"color: white;\"><strong>Palam\u00f3s<br \/>\n<\/strong><\/h1>\n<p style=\"font-size: 1.2em;\">Reserva cita en nuestro centro de Palam\u00f3s<\/strong>.<\/p>\n<p>[\/et_pb_text][\/et_pb_column][et_pb_column type=\u00bb2_5&#8243; _builder_version=\u00bb4.16&#8243; global_colors_info=\u00bb{}\u00bb][et_pb_button button_url=\u00bbhttps:\/\/grupalfamedic.com\/es\/reserva-cita-palamos\/\u00bb button_text=\u00bbReserva cita en Palam\u00f3s\u00bb button_alignment=\u00bbcenter\u00bb _builder_version=\u00bb4.16&#8243; custom_button=\u00bbon\u00bb button_text_color=\u00bb#ffffff\u00bb button_bg_color=\u00bb#2d5198&#8243; button_bg_color_gradient_direction=\u00bb170deg\u00bb button_bg_color_gradient_stops=\u00bb#2D5198 0%|#29c4a9 100%\u00bb button_bg_color_gradient_start=\u00bb#2D5198&#8243; button_border_color=\u00bb#ffffff\u00bb button_border_radius=\u00bb12px\u00bb custom_margin=\u00bb25px|||||\u00bb global_colors_info=\u00bb{}\u00bb][\/et_pb_button][\/et_pb_column][\/et_pb_row][et_pb_row column_structure=\u00bb3_5,2_5&#8243; _builder_version=\u00bb4.16&#8243; global_colors_info=\u00bb{}\u00bb][et_pb_column type=\u00bb3_5&#8243; _builder_version=\u00bb4.16&#8243; global_colors_info=\u00bb{}\u00bb][et_pb_text _builder_version=\u00bb4.16&#8243; text_text_color=\u00bb#ffffff\u00bb header_text_color=\u00bb#ffffff\u00bb use_background_color_gradient=\u00bbon\u00bb background_color_gradient_direction=\u00bb43deg\u00bb text_orientation=\u00bbcenter\u00bb custom_padding=\u00bb25px|25px|25px|25px|false|false\u00bb border_radii=\u00bbon|1em|1em|1em|1em\u00bb box_shadow_style=\u00bbpreset2&#8243; box_shadow_color=\u00bb#2D5197&#8243; global_colors_info=\u00bb{}\u00bb]<\/p>\n<h1 style=\"color: white;\"><strong>Lloret de Mar<br \/>\n<\/strong><\/h1>\n<p style=\"font-size: 1.2em;\">Reserva cita en nuestro centro de Lloret de Mar<\/strong>.<\/p>\n<p>[\/et_pb_text][\/et_pb_column][et_pb_column type=\u00bb2_5&#8243; _builder_version=\u00bb4.16&#8243; global_colors_info=\u00bb{}\u00bb][et_pb_button button_url=\u00bbhttps:\/\/grupalfamedic.com\/es\/reserva-cita-lloret\/\u00bb button_text=\u00bbReserva cita en Lloret de Mar\u00bb button_alignment=\u00bbcenter\u00bb _builder_version=\u00bb4.16&#8243; custom_button=\u00bbon\u00bb button_text_color=\u00bb#ffffff\u00bb button_bg_color=\u00bb#2d5198&#8243; button_bg_color_gradient_direction=\u00bb170deg\u00bb button_bg_color_gradient_stops=\u00bb#2D5198 0%|#29c4a9 100%\u00bb button_bg_color_gradient_start=\u00bb#2D5198&#8243; button_border_color=\u00bb#ffffff\u00bb button_border_radius=\u00bb12px\u00bb custom_margin=\u00bb25px|||||\u00bb global_colors_info=\u00bb{}\u00bb][\/et_pb_button][\/et_pb_column][\/et_pb_row][et_pb_row column_structure=\u00bb3_5,2_5&#8243; _builder_version=\u00bb4.16&#8243; global_colors_info=\u00bb{}\u00bb][et_pb_column type=\u00bb3_5&#8243; _builder_version=\u00bb4.16&#8243; global_colors_info=\u00bb{}\u00bb][et_pb_text _builder_version=\u00bb4.16&#8243; text_text_color=\u00bb#ffffff\u00bb header_text_color=\u00bb#ffffff\u00bb use_background_color_gradient=\u00bbon\u00bb background_color_gradient_direction=\u00bb43deg\u00bb text_orientation=\u00bbcenter\u00bb custom_padding=\u00bb25px|25px|25px|25px|false|false\u00bb border_radii=\u00bbon|1em|1em|1em|1em\u00bb box_shadow_style=\u00bbpreset2&#8243; box_shadow_color=\u00bb#2D5197&#8243; global_colors_info=\u00bb{}\u00bb]<\/p>\n<h1 style=\"color: white;\"><strong>Sant Feliu de Gu\u00edxols<br \/>\n<\/strong><\/h1>\n<p style=\"font-size: 1.2em;\">Reserva cita en nuestro centro de Sant Feliu de Gu\u00edxols<\/strong>.<\/p>\n<p>[\/et_pb_text][\/et_pb_column][et_pb_column type=\u00bb2_5&#8243; _builder_version=\u00bb4.16&#8243; global_colors_info=\u00bb{}\u00bb][et_pb_button button_url=\u00bbhttps:\/\/grupalfamedic.com\/es\/reserva-cita-sant-feliu\/\u00bb button_text=\u00bbReserva cita en Sant Feliu de Gu\u00edxols\u00bb button_alignment=\u00bbcenter\u00bb _builder_version=\u00bb4.16&#8243; custom_button=\u00bbon\u00bb button_text_color=\u00bb#ffffff\u00bb button_bg_color=\u00bb#2d5198&#8243; button_bg_color_gradient_direction=\u00bb170deg\u00bb button_bg_color_gradient_stops=\u00bb#2D5198 0%|#29c4a9 100%\u00bb button_bg_color_gradient_start=\u00bb#2D5198&#8243; button_border_color=\u00bb#ffffff\u00bb button_border_radius=\u00bb12px\u00bb custom_margin=\u00bb25px|||||\u00bb global_colors_info=\u00bb{}\u00bb][\/et_pb_button][\/et_pb_column][\/et_pb_row][et_pb_row column_structure=\u00bb3_5,2_5&#8243; disabled_on=\u00bboff|off|off\u00bb _builder_version=\u00bb4.27.4&#8243; global_colors_info=\u00bb{}\u00bb][et_pb_column type=\u00bb3_5&#8243; _builder_version=\u00bb4.16&#8243; global_colors_info=\u00bb{}\u00bb][et_pb_text _builder_version=\u00bb4.18.0&#8243; text_text_color=\u00bb#ffffff\u00bb header_text_color=\u00bb#ffffff\u00bb use_background_color_gradient=\u00bbon\u00bb background_color_gradient_direction=\u00bb43deg\u00bb text_orientation=\u00bbcenter\u00bb custom_padding=\u00bb25px|25px|25px|25px|false|false\u00bb border_radii=\u00bbon|1em|1em|1em|1em\u00bb box_shadow_style=\u00bbpreset2&#8243; box_shadow_color=\u00bb#2D5197&#8243; global_colors_info=\u00bb{}\u00bb]<\/p>\n<h1 style=\"color: white;\"><strong>Girona<br \/>\n<\/strong><\/h1>\n<p style=\"font-size: 1.2em;\">Reserva cita en nuestro centro de Girona.<\/p>\n<p>[\/et_pb_text][\/et_pb_column][et_pb_column type=\u00bb2_5&#8243; _builder_version=\u00bb4.16&#8243; global_colors_info=\u00bb{}\u00bb][et_pb_button button_url=\u00bb@ET-DC@eyJkeW5hbWljIjp0cnVlLCJjb250ZW50IjoicG9zdF9saW5rX3VybF9wYWdlIiwic2V0dGluZ3MiOnsicG9zdF9pZCI6IjQwMDMifX0=@\u00bb button_text=\u00bbReserva cita Girona\u00bb button_alignment=\u00bbcenter\u00bb _builder_version=\u00bb4.27.4&#8243; _dynamic_attributes=\u00bbbutton_url\u00bb custom_button=\u00bbon\u00bb button_text_color=\u00bb#ffffff\u00bb button_bg_color=\u00bb#2d5198&#8243; button_bg_color_gradient_direction=\u00bb170deg\u00bb button_bg_color_gradient_stops=\u00bb#2D5198 0%|#29c4a9 100%\u00bb button_bg_color_gradient_start=\u00bb#2D5198&#8243; button_border_color=\u00bb#ffffff\u00bb button_border_radius=\u00bb12px\u00bb custom_margin=\u00bb25px|||||\u00bb hover_enabled=\u00bb0&#8243; global_colors_info=\u00bb{}\u00bb sticky_enabled=\u00bb0&#8243;][\/et_pb_button][\/et_pb_column][\/et_pb_row][\/et_pb_section]<\/p>\n","protected":false},"excerpt":{"rendered":"<p>Reserva tu cita en uno de nuestros centros.Palam\u00f3s Reserva cita en nuestro centro de Palam\u00f3s.Lloret de Mar Reserva cita en nuestro centro de Lloret de Mar.Sant Feliu de Gu\u00edxols Reserva cita en nuestro centro de Sant Feliu de Gu\u00edxols.Girona Reserva cita en nuestro centro de Girona.<\/p>\n","protected":false},"author":1,"featured_media":0,"parent":0,"menu_order":0,"comment_status":"closed","ping_status":"closed","template":"","meta":{"_et_pb_use_builder":"on","_et_pb_old_content":"","_et_gb_content_width":"","footnotes":""},"class_list":["post-2397","page","type-page","status-publish","hentry"],"yoast_head":"<!-- This site is optimized with the Yoast SEO plugin v24.3 - https:\/\/yoast.com\/wordpress\/plugins\/seo\/ -->\n<title>Reserva cita - Alfamedic<\/title>\n<meta name=\"robots\" content=\"index, follow, max-snippet:-1, max-image-preview:large, max-video-preview:-1\" \/>\n<link rel=\"canonical\" href=\"https:\/\/grupalfamedic.com\/reserva-cita\/\" \/>\n<meta property=\"og:locale\" content=\"es_ES\" \/>\n<meta property=\"og:type\" content=\"article\" \/>\n<meta property=\"og:title\" content=\"Reserva cita - Alfamedic\" \/>\n<meta property=\"og:description\" content=\"Reserva tu cita en uno de nuestros centros.Palam\u00f3s Reserva cita en nuestro centro de Palam\u00f3s.Lloret de Mar Reserva cita en nuestro centro de Lloret de Mar.Sant Feliu de Gu\u00edxols Reserva cita en nuestro centro de Sant Feliu de Gu\u00edxols.Girona Reserva cita en nuestro centro de Girona.\" \/>\n<meta property=\"og:url\" content=\"https:\/\/grupalfamedic.com\/reserva-cita\/\" \/>\n<meta property=\"og:site_name\" content=\"Alfamedic\" \/>\n<meta property=\"article:modified_time\" content=\"2025-12-01T13:17:49+00:00\" \/>\n<meta name=\"twitter:card\" content=\"summary_large_image\" \/>\n<meta name=\"twitter:label1\" content=\"Tiempo de lectura\" \/>\n\t<meta name=\"twitter:data1\" content=\"5 minutos\" \/>\n<script type=\"application\/ld+json\" class=\"yoast-schema-graph\">{\"@context\":\"https:\/\/schema.org\",\"@graph\":[{\"@type\":\"WebPage\",\"@id\":\"https:\/\/grupalfamedic.com\/reserva-cita\/\",\"url\":\"https:\/\/grupalfamedic.com\/reserva-cita\/\",\"name\":\"Reserva cita - Alfamedic\",\"isPartOf\":{\"@id\":\"https:\/\/grupalfamedic.com\/#website\"},\"datePublished\":\"2020-06-30T11:43:26+00:00\",\"dateModified\":\"2025-12-01T13:17:49+00:00\",\"breadcrumb\":{\"@id\":\"https:\/\/grupalfamedic.com\/reserva-cita\/#breadcrumb\"},\"inLanguage\":\"es\",\"potentialAction\":[{\"@type\":\"ReadAction\",\"target\":[\"https:\/\/grupalfamedic.com\/reserva-cita\/\"]}]},{\"@type\":\"BreadcrumbList\",\"@id\":\"https:\/\/grupalfamedic.com\/reserva-cita\/#breadcrumb\",\"itemListElement\":[{\"@type\":\"ListItem\",\"position\":1,\"name\":\"Inici\",\"item\":\"https:\/\/grupalfamedic.com\/\"},{\"@type\":\"ListItem\",\"position\":2,\"name\":\"Reserva cita\"}]},{\"@type\":\"WebSite\",\"@id\":\"https:\/\/grupalfamedic.com\/#website\",\"url\":\"https:\/\/grupalfamedic.com\/\",\"name\":\"Alfamedic\",\"description\":\"Cuidem de tu\",\"publisher\":{\"@id\":\"https:\/\/grupalfamedic.com\/#organization\"},\"potentialAction\":[{\"@type\":\"SearchAction\",\"target\":{\"@type\":\"EntryPoint\",\"urlTemplate\":\"https:\/\/grupalfamedic.com\/?s={search_term_string}\"},\"query-input\":{\"@type\":\"PropertyValueSpecification\",\"valueRequired\":true,\"valueName\":\"search_term_string\"}}],\"inLanguage\":\"es\"},{\"@type\":\"Organization\",\"@id\":\"https:\/\/grupalfamedic.com\/#organization\",\"name\":\"Grup Alfa M\u00e8dic\",\"url\":\"https:\/\/grupalfamedic.com\/\",\"logo\":{\"@type\":\"ImageObject\",\"inLanguage\":\"es\",\"@id\":\"https:\/\/grupalfamedic.com\/#\/schema\/logo\/image\/\",\"url\":\"https:\/\/grupalfamedic.com\/wp-content\/uploads\/2020\/06\/ms-icon-310x310-1.png\",\"contentUrl\":\"https:\/\/grupalfamedic.com\/wp-content\/uploads\/2020\/06\/ms-icon-310x310-1.png\",\"width\":310,\"height\":310,\"caption\":\"Grup Alfa M\u00e8dic\"},\"image\":{\"@id\":\"https:\/\/grupalfamedic.com\/#\/schema\/logo\/image\/\"}}]}<\/script>\n<!-- \/ Yoast SEO plugin. -->","yoast_head_json":{"title":"Reserva cita - Alfamedic","robots":{"index":"index","follow":"follow","max-snippet":"max-snippet:-1","max-image-preview":"max-image-preview:large","max-video-preview":"max-video-preview:-1"},"canonical":"https:\/\/grupalfamedic.com\/reserva-cita\/","og_locale":"es_ES","og_type":"article","og_title":"Reserva cita - Alfamedic","og_description":"Reserva tu cita en uno de nuestros centros.Palam\u00f3s Reserva cita en nuestro centro de Palam\u00f3s.Lloret de Mar Reserva cita en nuestro centro de Lloret de Mar.Sant Feliu de Gu\u00edxols Reserva cita en nuestro centro de Sant Feliu de Gu\u00edxols.Girona Reserva cita en nuestro centro de Girona.","og_url":"https:\/\/grupalfamedic.com\/reserva-cita\/","og_site_name":"Alfamedic","article_modified_time":"2025-12-01T13:17:49+00:00","twitter_card":"summary_large_image","twitter_misc":{"Tiempo de lectura":"5 minutos"},"schema":{"@context":"https:\/\/schema.org","@graph":[{"@type":"WebPage","@id":"https:\/\/grupalfamedic.com\/reserva-cita\/","url":"https:\/\/grupalfamedic.com\/reserva-cita\/","name":"Reserva cita - Alfamedic","isPartOf":{"@id":"https:\/\/grupalfamedic.com\/#website"},"datePublished":"2020-06-30T11:43:26+00:00","dateModified":"2025-12-01T13:17:49+00:00","breadcrumb":{"@id":"https:\/\/grupalfamedic.com\/reserva-cita\/#breadcrumb"},"inLanguage":"es","potentialAction":[{"@type":"ReadAction","target":["https:\/\/grupalfamedic.com\/reserva-cita\/"]}]},{"@type":"BreadcrumbList","@id":"https:\/\/grupalfamedic.com\/reserva-cita\/#breadcrumb","itemListElement":[{"@type":"ListItem","position":1,"name":"Inici","item":"https:\/\/grupalfamedic.com\/"},{"@type":"ListItem","position":2,"name":"Reserva cita"}]},{"@type":"WebSite","@id":"https:\/\/grupalfamedic.com\/#website","url":"https:\/\/grupalfamedic.com\/","name":"Alfamedic","description":"Cuidem de tu","publisher":{"@id":"https:\/\/grupalfamedic.com\/#organization"},"potentialAction":[{"@type":"SearchAction","target":{"@type":"EntryPoint","urlTemplate":"https:\/\/grupalfamedic.com\/?s={search_term_string}"},"query-input":{"@type":"PropertyValueSpecification","valueRequired":true,"valueName":"search_term_string"}}],"inLanguage":"es"},{"@type":"Organization","@id":"https:\/\/grupalfamedic.com\/#organization","name":"Grup Alfa M\u00e8dic","url":"https:\/\/grupalfamedic.com\/","logo":{"@type":"ImageObject","inLanguage":"es","@id":"https:\/\/grupalfamedic.com\/#\/schema\/logo\/image\/","url":"https:\/\/grupalfamedic.com\/wp-content\/uploads\/2020\/06\/ms-icon-310x310-1.png","contentUrl":"https:\/\/grupalfamedic.com\/wp-content\/uploads\/2020\/06\/ms-icon-310x310-1.png","width":310,"height":310,"caption":"Grup Alfa M\u00e8dic"},"image":{"@id":"https:\/\/grupalfamedic.com\/#\/schema\/logo\/image\/"}}]}},"_links":{"self":[{"href":"https:\/\/grupalfamedic.com\/es\/wp-json\/wp\/v2\/pages\/2397","targetHints":{"allow":["GET"]}}],"collection":[{"href":"https:\/\/grupalfamedic.com\/es\/wp-json\/wp\/v2\/pages"}],"about":[{"href":"https:\/\/grupalfamedic.com\/es\/wp-json\/wp\/v2\/types\/page"}],"author":[{"embeddable":true,"href":"https:\/\/grupalfamedic.com\/es\/wp-json\/wp\/v2\/users\/1"}],"replies":[{"embeddable":true,"href":"https:\/\/grupalfamedic.com\/es\/wp-json\/wp\/v2\/comments?post=2397"}],"version-history":[{"count":18,"href":"https:\/\/grupalfamedic.com\/es\/wp-json\/wp\/v2\/pages\/2397\/revisions"}],"predecessor-version":[{"id":4556,"href":"https:\/\/grupalfamedic.com\/es\/wp-json\/wp\/v2\/pages\/2397\/revisions\/4556"}],"wp:attachment":[{"href":"https:\/\/grupalfamedic.com\/es\/wp-json\/wp\/v2\/media?parent=2397"}],"curies":[{"name":"wp","href":"https:\/\/api.w.org\/{rel}","templated":true}]}}