{"id":2357,"date":"2020-06-30T12:17:56","date_gmt":"2020-06-30T10:17:56","guid":{"rendered":"https:\/\/grupalfamedic.com\/especialidades\/medicina-interna\/"},"modified":"2025-12-02T14:48:01","modified_gmt":"2025-12-02T12:48:01","slug":"medicina-interna","status":"publish","type":"page","link":"https:\/\/grupalfamedic.com\/es\/especialidades\/medicina-interna\/","title":{"rendered":"Medicina interna"},"content":{"rendered":"<p>[et_pb_section fb_built=\u00bb1&#8243; admin_label=\u00bbHero\u00bb _builder_version=\u00bb4.16&#8243; custom_padding=\u00bb0|0px|11px|0px|false|false\u00bb bottom_divider_height=\u00bb0px\u00bb border_width_bottom=\u00bb1px\u00bb border_color_bottom=\u00bb#efefef\u00bb global_colors_info=\u00bb{}\u00bb][et_pb_row make_equal=\u00bbon\u00bb _builder_version=\u00bb4.16&#8243; use_background_color_gradient=\u00bbon\u00bb background_color_gradient_direction=\u00bb154deg\u00bb background_color_gradient_stops=\u00bb#2d4f97 0%|#29c4a9 100%\u00bb background_color_gradient_start=\u00bb#2d4f97&#8243; width=\u00bb100%\u00bb max_width=\u00bb100%\u00bb custom_margin=\u00bb|||\u00bb custom_margin_tablet=\u00bb||0px|\u00bb custom_margin_phone=\u00bb\u00bb custom_margin_last_edited=\u00bbon|desktop\u00bb custom_padding=\u00bb1px|0px|36px|0px|false|false\u00bb use_custom_width=\u00bbon\u00bb width_unit=\u00bboff\u00bb custom_width_percent=\u00bb100%\u00bb global_colors_info=\u00bb{}\u00bb][et_pb_column type=\u00bb4_4&#8243; _builder_version=\u00bb4.16&#8243; custom_padding=\u00bb6%||6%|12%\u00bb custom_padding_tablet=\u00bb50px|50px|50px|50px\u00bb custom_padding_phone=\u00bb\u00bb custom_padding_last_edited=\u00bbon|tablet\u00bb global_colors_info=\u00bb{}\u00bb padding_tablet=\u00bb50px|50px|50px|50px\u00bb padding_last_edited=\u00bbon|tablet\u00bb custom_padding__hover=\u00bb|||\u00bb padding_phone=\u00bb50px|50px|50px|50px\u00bb][et_pb_text _builder_version=\u00bb4.16&#8243; text_font=\u00bbAllan|300|||||||\u00bb text_text_color=\u00bb#677a92&#8243; text_font_size=\u00bb30px\u00bb text_line_height=\u00bb1.8em\u00bb header_font=\u00bbAllan||||||||\u00bb header_text_align=\u00bbcenter\u00bb header_text_color=\u00bb#ffffff\u00bb header_font_size=\u00bb50px\u00bb header_line_height=\u00bb1.3em\u00bb header_2_font=\u00bb||||||||\u00bb max_width=\u00bb600px\u00bb custom_margin=\u00bb17px|||||\u00bb custom_margin_tablet=\u00bb0px|50px||50px\u00bb custom_margin_phone=\u00bb|20px||\u00bb custom_margin_last_edited=\u00bboff|desktop\u00bb custom_padding=\u00bb|||\u00bb text_line_height_tablet=\u00bb1.8em\u00bb text_line_height_phone=\u00bb1.8em\u00bb text_line_height_last_edited=\u00bbon|phone\u00bb header_font_size_tablet=\u00bb\u00bb header_font_size_phone=\u00bb36px\u00bb header_font_size_last_edited=\u00bbon|phone\u00bb header_2_font_size_phone=\u00bb30px\u00bb header_2_font_size_last_edited=\u00bboff|desktop\u00bb locked=\u00bboff\u00bb global_colors_info=\u00bb{}\u00bb]<\/p>\n<h1>Medicina interna<\/h1>\n<p>[\/et_pb_text][\/et_pb_column][\/et_pb_row][\/et_pb_section][et_pb_section fb_built=\u00bb1&#8243; _builder_version=\u00bb4.16&#8243; custom_margin=\u00bb-13px|||||\u00bb custom_padding=\u00bb37px|||||\u00bb global_colors_info=\u00bb{}\u00bb][et_pb_row column_structure=\u00bb3_5,2_5&#8243; _builder_version=\u00bb4.16&#8243; global_colors_info=\u00bb{}\u00bb][et_pb_column type=\u00bb3_5&#8243; _builder_version=\u00bb4.16&#8243; global_colors_info=\u00bb{}\u00bb][et_pb_text _builder_version=\u00bb4.16&#8243; text_font=\u00bbMontserrat|300|||||||\u00bb text_text_color=\u00bb#000000&#8243; text_line_height=\u00bb1.8em\u00bb header_font=\u00bbMontserrat||||||||\u00bb header_text_align=\u00bbcenter\u00bb header_text_color=\u00bb#000000&#8243; header_font_size=\u00bb50px\u00bb header_line_height=\u00bb1.3em\u00bb header_2_font=\u00bb||||||||\u00bb max_width=\u00bb600px\u00bb custom_margin=\u00bb-10px|||||\u00bb custom_margin_tablet=\u00bb0px|50px||50px\u00bb custom_margin_phone=\u00bb|20px||\u00bb custom_margin_last_edited=\u00bboff|desktop\u00bb custom_padding=\u00bb|||\u00bb text_line_height_tablet=\u00bb1.8em\u00bb text_line_height_phone=\u00bb1.8em\u00bb text_line_height_last_edited=\u00bbon|phone\u00bb header_font_size_tablet=\u00bb\u00bb header_font_size_phone=\u00bb36px\u00bb header_font_size_last_edited=\u00bbon|phone\u00bb header_2_font_size_phone=\u00bb30px\u00bb header_2_font_size_last_edited=\u00bboff|desktop\u00bb locked=\u00bboff\u00bb global_colors_info=\u00bb{}\u00bb]<\/p>\n<h2>Medicina interna<\/h2>\n<hr style=\"color:#29c4a9;\">[\/et_pb_text][et_pb_text _builder_version=\u00bb4.16&#8243; global_colors_info=\u00bb{}\u00bb]<\/p>\n<p>La medicina interna es una especialidad m\u00e9dica que atiende integralmente los problemas de salud en pacientes adultos, ingresados en un centro hospitalario o en consultas ambulatorias.<\/p>\n<p><strong>Objetivos<\/strong><\/p>\n<p>-Gu\u00eda al enfermo en su compleja trayectoria por el sistema sanitario hospitalario, dirigiendo y coordinando la actuaci\u00f3n frente a su enfermedad y coordinando al resto de especialistas necesarios para obtener un diagn\u00f3stico y tratamiento adecuados.<\/p>\n<p>-Los m\u00e9dicos internistas son los expertos a los que recurren los m\u00e9dicos de atenci\u00f3n primaria y el resto de especialistas para atender enfermos complejos cuyo diagn\u00f3stico es dif\u00edcil, que se encuentran afectados por diversas enfermedades o que presentan s\u00edntomas en varios \u00f3rganos, aparatos o sistemas del organismo.<\/p>\n<p>-Dentro de la extensa formaci\u00f3n de los internistas, existe la posibilidad de que algunos de ellos es \u00absubespecialidad\u00bb en ciertos campos de la medicina, focaliz\u00e1ndose \u00fanicamente en ellos, como el control de los factores de riesgo cardiovascular, enfermedades infecciosas y muy especialmente el VIH, la insuficiencia card\u00edaca congestiva, la enfermedad tromboemb\u00f3lica venosa y enfermedades autoinmunes, cuidados paliativos o unidades de pacientes cr\u00f3nicos complejos.<\/p>\n<p>-Generalmente el m\u00e9dico internista requiere la atenci\u00f3n de otros especialistas a la hora de la realizaci\u00f3n de pruebas diagn\u00f3sticas, como Radiolog\u00eda en caso de necesitar un TAC o una RM, al Digestivo para endoscopias, el cirujano para toma de biopsias &#8230; etc, de tal forma que de manera coordinada selecciona las pruebas que m\u00e1s convengan para lograr un diagn\u00f3stico preciso del paciente.<\/p>\n<p>[\/et_pb_text][et_pb_button button_url=\u00bbhttps:\/\/grupalfamedic.com\/es\/reserva-cita\/\u00bb url_new_window=\u00bbon\u00bb button_text=\u00bbPide hora\u00bb button_alignment=\u00bbcenter\u00bb _builder_version=\u00bb4.16&#8243; custom_button=\u00bbon\u00bb button_text_color=\u00bb#ffffff\u00bb button_bg_use_color_gradient=\u00bbon\u00bb button_bg_color_gradient_direction=\u00bb170deg\u00bb button_bg_color_gradient_stops=\u00bb#2D5198 0%|#29c4a9 100%\u00bb button_bg_color_gradient_start=\u00bb#2D5198&#8243; button_border_color=\u00bb#ffffff\u00bb button_border_radius=\u00bb12px\u00bb custom_margin=\u00bb25px|||||\u00bb global_colors_info=\u00bb{}\u00bb][\/et_pb_button][\/et_pb_column][et_pb_column type=\u00bb2_5&#8243; _builder_version=\u00bb4.16&#8243; global_colors_info=\u00bb{}\u00bb][et_pb_button button_url=\u00bbhttps:\/\/grupalfamedic.com\/es\/reserva-cita\/\u00bb url_new_window=\u00bbon\u00bb button_text=\u00bbPide hora\u00bb button_alignment=\u00bbcenter\u00bb _builder_version=\u00bb4.16&#8243; custom_button=\u00bbon\u00bb button_text_color=\u00bb#ffffff\u00bb button_bg_use_color_gradient=\u00bbon\u00bb button_bg_color_gradient_direction=\u00bb170deg\u00bb button_bg_color_gradient_stops=\u00bb#2D5198 0%|#29c4a9 100%\u00bb button_bg_color_gradient_start=\u00bb#2D5198&#8243; button_border_color=\u00bb#ffffff\u00bb button_border_radius=\u00bb12px\u00bb custom_margin=\u00bb25px|||||\u00bb global_colors_info=\u00bb{}\u00bb][\/et_pb_button][et_pb_image src=\u00bbhttps:\/\/grupalfamedic.com\/wp-content\/uploads\/2025\/12\/doctor-de-frente.webp\u00bb _builder_version=\u00bb4.27.4&#8243; hover_enabled=\u00bb0&#8243; global_colors_info=\u00bb{}\u00bb title_text=\u00bbdoctor de frente\u00bb sticky_enabled=\u00bb0&#8243;][\/et_pb_image][et_pb_code _builder_version=\u00bb4.16&#8243; global_colors_info=\u00bb{}\u00bb][\/et_pb_code][et_pb_text _builder_version=\u00bb4.16&#8243; global_colors_info=\u00bb{}\u00bb]<\/p>\n<p style=\"font-size:1.5em\">Centros<\/p>\n<p>[\/et_pb_text][et_pb_code _builder_version=\u00bb4.16&#8243; global_colors_info=\u00bb{}\u00bb]<a href=\"https:\/\/grupalfamedic.com\/es\/palamos\/?lang=es\" class=\"blue-button\">Palam\u00f3s<\/a> <!-- [et_pb_line_break_holder] --><!\u2013- [et_pb_br_holder] -\u2013><!\u2013- [et_pb_br_holder] -\u2013><!-- [et_pb_line_break_holder] --><a href=\"https:\/\/grupalfamedic.com\/es\/lloret-de-mar\/?lang=es\" class=\"blue-button\">Lloret de Mar<\/a> <!-- [et_pb_line_break_holder] --><!\u2013- [et_pb_br_holder] -\u2013><!\u2013- [et_pb_br_holder] -\u2013><!-- [et_pb_line_break_holder] --><a href=\"https:\/\/grupalfamedic.com\/es\/sant-feliu-de-guixols\/?lang=es\" class=\"blue-button\">Sant Feliu de Gu\u00edxols<\/a> [\/et_pb_code][\/et_pb_column][\/et_pb_row][\/et_pb_section]<\/p>\n","protected":false},"excerpt":{"rendered":"<p>Medicina internaMedicina interna La medicina interna es una especialidad m\u00e9dica que atiende integralmente los problemas de salud en pacientes adultos, ingresados en un centro hospitalario o en consultas ambulatorias. Objetivos -Gu\u00eda al enfermo en su compleja trayectoria por el sistema sanitario hospitalario, dirigiendo y coordinando la actuaci\u00f3n frente a su enfermedad y coordinando al resto [&hellip;]<\/p>\n","protected":false},"author":1,"featured_media":0,"parent":2331,"menu_order":0,"comment_status":"closed","ping_status":"closed","template":"","meta":{"_et_pb_use_builder":"on","_et_pb_old_content":"","_et_gb_content_width":"","footnotes":""},"class_list":["post-2357","page","type-page","status-publish","hentry"],"yoast_head":"<!-- This site is optimized with the Yoast SEO plugin v24.3 - https:\/\/yoast.com\/wordpress\/plugins\/seo\/ -->\n<title>Medicina interna - Alfamedic<\/title>\n<meta name=\"robots\" content=\"index, follow, max-snippet:-1, max-image-preview:large, max-video-preview:-1\" \/>\n<link rel=\"canonical\" href=\"https:\/\/grupalfamedic.com\/especialitats\/medicina-interna\/\" \/>\n<meta property=\"og:locale\" content=\"es_ES\" \/>\n<meta property=\"og:type\" content=\"article\" \/>\n<meta property=\"og:title\" content=\"Medicina interna - Alfamedic\" \/>\n<meta property=\"og:description\" content=\"Medicina internaMedicina interna La medicina interna es una especialidad m\u00e9dica que atiende integralmente los problemas de salud en pacientes adultos, ingresados en un centro hospitalario o en consultas ambulatorias. Objetivos -Gu\u00eda al enfermo en su compleja trayectoria por el sistema sanitario hospitalario, dirigiendo y coordinando la actuaci\u00f3n frente a su enfermedad y coordinando al resto [&hellip;]\" \/>\n<meta property=\"og:url\" content=\"https:\/\/grupalfamedic.com\/especialitats\/medicina-interna\/\" \/>\n<meta property=\"og:site_name\" content=\"Alfamedic\" \/>\n<meta property=\"article:modified_time\" content=\"2025-12-02T12:48:01+00:00\" \/>\n<meta name=\"twitter:card\" content=\"summary_large_image\" \/>\n<meta name=\"twitter:label1\" content=\"Tiempo de lectura\" \/>\n\t<meta name=\"twitter:data1\" content=\"5 minutos\" \/>\n<script type=\"application\/ld+json\" class=\"yoast-schema-graph\">{\"@context\":\"https:\/\/schema.org\",\"@graph\":[{\"@type\":\"WebPage\",\"@id\":\"https:\/\/grupalfamedic.com\/especialitats\/medicina-interna\/\",\"url\":\"https:\/\/grupalfamedic.com\/especialitats\/medicina-interna\/\",\"name\":\"Medicina interna - Alfamedic\",\"isPartOf\":{\"@id\":\"https:\/\/grupalfamedic.com\/#website\"},\"datePublished\":\"2020-06-30T10:17:56+00:00\",\"dateModified\":\"2025-12-02T12:48:01+00:00\",\"breadcrumb\":{\"@id\":\"https:\/\/grupalfamedic.com\/especialitats\/medicina-interna\/#breadcrumb\"},\"inLanguage\":\"es\",\"potentialAction\":[{\"@type\":\"ReadAction\",\"target\":[\"https:\/\/grupalfamedic.com\/especialitats\/medicina-interna\/\"]}]},{\"@type\":\"BreadcrumbList\",\"@id\":\"https:\/\/grupalfamedic.com\/especialitats\/medicina-interna\/#breadcrumb\",\"itemListElement\":[{\"@type\":\"ListItem\",\"position\":1,\"name\":\"Inici\",\"item\":\"https:\/\/grupalfamedic.com\/\"},{\"@type\":\"ListItem\",\"position\":2,\"name\":\"Especialidades\",\"item\":\"https:\/\/grupalfamedic.com\/especialitats\/\"},{\"@type\":\"ListItem\",\"position\":3,\"name\":\"Medicina interna\"}]},{\"@type\":\"WebSite\",\"@id\":\"https:\/\/grupalfamedic.com\/#website\",\"url\":\"https:\/\/grupalfamedic.com\/\",\"name\":\"Alfamedic\",\"description\":\"Cuidem de tu\",\"publisher\":{\"@id\":\"https:\/\/grupalfamedic.com\/#organization\"},\"potentialAction\":[{\"@type\":\"SearchAction\",\"target\":{\"@type\":\"EntryPoint\",\"urlTemplate\":\"https:\/\/grupalfamedic.com\/?s={search_term_string}\"},\"query-input\":{\"@type\":\"PropertyValueSpecification\",\"valueRequired\":true,\"valueName\":\"search_term_string\"}}],\"inLanguage\":\"es\"},{\"@type\":\"Organization\",\"@id\":\"https:\/\/grupalfamedic.com\/#organization\",\"name\":\"Grup Alfa M\u00e8dic\",\"url\":\"https:\/\/grupalfamedic.com\/\",\"logo\":{\"@type\":\"ImageObject\",\"inLanguage\":\"es\",\"@id\":\"https:\/\/grupalfamedic.com\/#\/schema\/logo\/image\/\",\"url\":\"https:\/\/grupalfamedic.com\/wp-content\/uploads\/2020\/06\/ms-icon-310x310-1.png\",\"contentUrl\":\"https:\/\/grupalfamedic.com\/wp-content\/uploads\/2020\/06\/ms-icon-310x310-1.png\",\"width\":310,\"height\":310,\"caption\":\"Grup Alfa M\u00e8dic\"},\"image\":{\"@id\":\"https:\/\/grupalfamedic.com\/#\/schema\/logo\/image\/\"}}]}<\/script>\n<!-- \/ Yoast SEO plugin. -->","yoast_head_json":{"title":"Medicina interna - Alfamedic","robots":{"index":"index","follow":"follow","max-snippet":"max-snippet:-1","max-image-preview":"max-image-preview:large","max-video-preview":"max-video-preview:-1"},"canonical":"https:\/\/grupalfamedic.com\/especialitats\/medicina-interna\/","og_locale":"es_ES","og_type":"article","og_title":"Medicina interna - Alfamedic","og_description":"Medicina internaMedicina interna La medicina interna es una especialidad m\u00e9dica que atiende integralmente los problemas de salud en pacientes adultos, ingresados en un centro hospitalario o en consultas ambulatorias. Objetivos -Gu\u00eda al enfermo en su compleja trayectoria por el sistema sanitario hospitalario, dirigiendo y coordinando la actuaci\u00f3n frente a su enfermedad y coordinando al resto [&hellip;]","og_url":"https:\/\/grupalfamedic.com\/especialitats\/medicina-interna\/","og_site_name":"Alfamedic","article_modified_time":"2025-12-02T12:48:01+00:00","twitter_card":"summary_large_image","twitter_misc":{"Tiempo de lectura":"5 minutos"},"schema":{"@context":"https:\/\/schema.org","@graph":[{"@type":"WebPage","@id":"https:\/\/grupalfamedic.com\/especialitats\/medicina-interna\/","url":"https:\/\/grupalfamedic.com\/especialitats\/medicina-interna\/","name":"Medicina interna - Alfamedic","isPartOf":{"@id":"https:\/\/grupalfamedic.com\/#website"},"datePublished":"2020-06-30T10:17:56+00:00","dateModified":"2025-12-02T12:48:01+00:00","breadcrumb":{"@id":"https:\/\/grupalfamedic.com\/especialitats\/medicina-interna\/#breadcrumb"},"inLanguage":"es","potentialAction":[{"@type":"ReadAction","target":["https:\/\/grupalfamedic.com\/especialitats\/medicina-interna\/"]}]},{"@type":"BreadcrumbList","@id":"https:\/\/grupalfamedic.com\/especialitats\/medicina-interna\/#breadcrumb","itemListElement":[{"@type":"ListItem","position":1,"name":"Inici","item":"https:\/\/grupalfamedic.com\/"},{"@type":"ListItem","position":2,"name":"Especialidades","item":"https:\/\/grupalfamedic.com\/especialitats\/"},{"@type":"ListItem","position":3,"name":"Medicina interna"}]},{"@type":"WebSite","@id":"https:\/\/grupalfamedic.com\/#website","url":"https:\/\/grupalfamedic.com\/","name":"Alfamedic","description":"Cuidem de tu","publisher":{"@id":"https:\/\/grupalfamedic.com\/#organization"},"potentialAction":[{"@type":"SearchAction","target":{"@type":"EntryPoint","urlTemplate":"https:\/\/grupalfamedic.com\/?s={search_term_string}"},"query-input":{"@type":"PropertyValueSpecification","valueRequired":true,"valueName":"search_term_string"}}],"inLanguage":"es"},{"@type":"Organization","@id":"https:\/\/grupalfamedic.com\/#organization","name":"Grup Alfa M\u00e8dic","url":"https:\/\/grupalfamedic.com\/","logo":{"@type":"ImageObject","inLanguage":"es","@id":"https:\/\/grupalfamedic.com\/#\/schema\/logo\/image\/","url":"https:\/\/grupalfamedic.com\/wp-content\/uploads\/2020\/06\/ms-icon-310x310-1.png","contentUrl":"https:\/\/grupalfamedic.com\/wp-content\/uploads\/2020\/06\/ms-icon-310x310-1.png","width":310,"height":310,"caption":"Grup Alfa M\u00e8dic"},"image":{"@id":"https:\/\/grupalfamedic.com\/#\/schema\/logo\/image\/"}}]}},"_links":{"self":[{"href":"https:\/\/grupalfamedic.com\/es\/wp-json\/wp\/v2\/pages\/2357","targetHints":{"allow":["GET"]}}],"collection":[{"href":"https:\/\/grupalfamedic.com\/es\/wp-json\/wp\/v2\/pages"}],"about":[{"href":"https:\/\/grupalfamedic.com\/es\/wp-json\/wp\/v2\/types\/page"}],"author":[{"embeddable":true,"href":"https:\/\/grupalfamedic.com\/es\/wp-json\/wp\/v2\/users\/1"}],"replies":[{"embeddable":true,"href":"https:\/\/grupalfamedic.com\/es\/wp-json\/wp\/v2\/comments?post=2357"}],"version-history":[{"count":4,"href":"https:\/\/grupalfamedic.com\/es\/wp-json\/wp\/v2\/pages\/2357\/revisions"}],"predecessor-version":[{"id":4564,"href":"https:\/\/grupalfamedic.com\/es\/wp-json\/wp\/v2\/pages\/2357\/revisions\/4564"}],"up":[{"embeddable":true,"href":"https:\/\/grupalfamedic.com\/es\/wp-json\/wp\/v2\/pages\/2331"}],"wp:attachment":[{"href":"https:\/\/grupalfamedic.com\/es\/wp-json\/wp\/v2\/media?parent=2357"}],"curies":[{"name":"wp","href":"https:\/\/api.w.org\/{rel}","templated":true}]}}